{"id":1018,"date":"2023-03-09T13:55:15","date_gmt":"2023-03-09T13:55:15","guid":{"rendered":"https:\/\/patricks-fahrschule.de\/?page_id=1018"},"modified":"2023-03-09T13:56:09","modified_gmt":"2023-03-09T13:56:09","slug":"impressum","status":"publish","type":"page","link":"https:\/\/patricks-fahrschule.de\/fr\/imprimer\/","title":{"rendered":"imprimer"},"content":{"rendered":"<h2 class=\"wp-block-heading\">Conform\u00e9ment au \u00a7 5 TMG\u00a0:<\/h2>\n\n\n\n<p>L&#039;auto-\u00e9cole de Patrick<br>Propri\u00e9taire : Patrick Janiak<br>Kaiserstrasse 65\/1<br>76437 Rastatt<\/p>\n\n\n\n<h3 class=\"wp-block-heading\">Contact:<\/h3>\n\n\n\n<figure class=\"wp-block-table\"><table><tbody><tr><td>T\u00e9l\u00e9phone:<\/td><td>0170 8228780<\/td><\/tr><tr><td>E-mail:<\/td><td>info@patricks-fahrschule.de<\/td><\/tr><\/tbody><\/table><\/figure>\n\n\n\n<h3 class=\"wp-block-heading\">Num\u00e9ro d&#039;identification de taxe sur les ventes conform\u00e9ment \u00e0 l&#039;article 27 a de la loi sur la taxe sur les ventes\u00a0:<\/h3>\n\n\n\n<p>DE 305620459<\/p>\n\n\n\n<h2 class=\"wp-block-heading\">R\u00e9solution des litiges<\/h2>\n\n\n\n<p>La Commission europ\u00e9enne fournit une plateforme<br>pr\u00eat pour la r\u00e9solution des litiges en ligne (OS)\u00a0:&nbsp;<a href=\"https:\/\/ec.europa.eu\/consumers\/odr\" target=\"_blank\" rel=\"noreferrer noopener\">https:\/\/ec.europa.eu\/consumers\/odr<\/a><br>Vous pouvez trouver notre adresse e-mail en haut de la page<br>Imprimer.<\/p>\n\n\n\n<p>Nous ne sommes ni dispos\u00e9s ni oblig\u00e9s de participer \u00e0 une proc\u00e9dure de r\u00e8glement des litiges devant un<br>participer au conseil d&#039;arbitrage des consommateurs.<\/p>\n\n\n\n<h3 class=\"wp-block-heading\">Coordonn\u00e9es bancaires:<\/h3>\n\n\n\n<p>Banque populaire de Karlsruhe Baden-Baden<br>DE23 6619 0000 0063 6507 06<br>GENODE61KA1<\/p>\n\n\n\n<h3 class=\"wp-block-heading\">Autorit\u00e9 de contr\u00f4le :<\/h3>\n\n\n\n<p>Nom : Bureau de district de Rastatt<br>Rue: Untere Wiesen 6<br>Lieu: 76437 Rastatt<br>T\u00e9l : 07222-3813200<\/p>\n\n\n\n<h3 class=\"wp-block-heading\">Responsable du contenu selon l&#039;article 55, paragraphe 2 du RStV\u00a0:<\/h3>\n\n\n\n<p>Patrick Janiak (propri\u00e9taire)<br>Bismarckstrasse 1<br>76437 Rastatt<\/p>\n\n\n\n<p>Source:&nbsp;<em><a href=\"https:\/\/www.e-recht24.de\/impressum-generator.html\" target=\"_blank\" rel=\"noreferrer noopener\">https:\/\/www.e-recht24.de<\/a><\/em><\/p>\n\n\n\n<h3 class=\"wp-block-heading\">Site cr\u00e9\u00e9 par :<\/h3>\n\n\n\n<p><a href=\"http:\/\/www.lk-media.net\/\" target=\"_blank\" rel=\"noreferrer noopener\">lk m\u00e9dias<\/a><\/p>\n\n\n\n<h3 class=\"wp-block-heading\">Sources des photos\u00a0:<\/h3>\n\n\n\n<h4 class=\"wp-block-heading\">pexels.com<\/h4>\n\n\n\n<p>https:\/\/static.pexels.com\/photos\/13861\/IMG_3496bfree.jpg (<a href=\"http:\/\/jeshoots.com\/driver\/\" target=\"_blank\" rel=\"noreferrer noopener\">jeshoots.com<\/a>) \u2013 Utilis\u00e9 sous licence CC0<br>https:\/\/static.pexels.com\/photos\/8775\/traffic-car-vehicle-black.jpg (<a href=\"https:\/\/stock.tookapic.com\/photos\/3931\" target=\"_blank\" rel=\"noreferrer noopener\">stock.tookapic.com<\/a>) \u2013 Utilis\u00e9 sous licence CC0<\/p>\n\n\n\n<h3 class=\"wp-block-heading\">Clause de non-responsabilit\u00e9<\/h3>\n\n\n\n<p><strong>Limitation de responsabilit\u00e9<\/strong><\/p>\n\n\n\n<p>Le contenu de notre site Internet a \u00e9t\u00e9 cr\u00e9\u00e9 au meilleur de nos connaissances et avec le plus grand soin. Toutefois, nous ne garantissons pas qu&#039;ils soient \u00e0 jour, corrects ou complets.<br>Nous sommes responsables du contenu et des informations fournies ici\u00a0; Toutefois, conform\u00e9ment aux articles 8 \u00e0 10 TMG, nous ne sommes pas tenus de surveiller les informations de tiers transmises ou stock\u00e9es.<br>S&#039;il est n\u00e9cessaire de supprimer ou de bloquer un tel contenu, cela aura lieu d\u00e8s que nous serons inform\u00e9s d&#039;une violation de la loi correspondante.<\/p>\n\n\n\n<p><strong>Liens externes<\/strong><\/p>\n\n\n\n<p>Nous n&#039;assumons aucune responsabilit\u00e9 quant au contenu de nos liens externes (liens vers des sites Web externes). L&#039;exploitant respectif du site Web li\u00e9 en est responsable.<br>Si de tels liens doivent \u00eatre supprim\u00e9s, cela sera fait d\u00e8s que nous aurons connaissance d&#039;une violation de la loi correspondante.<\/p>\n\n\n\n<p><strong>Droit d\u2019auteur\/droit d\u2019auteur accessoire<\/strong><\/p>\n\n\n\n<p>Les textes, images, graphiques et informations publi\u00e9s sur ce site Internet sont soumis au droit d&#039;auteur allemand et aux lois accessoires sur le droit d&#039;auteur.<br>La reproduction, le traitement, la distribution, le stockage et l&#039;utilisation en dehors du droit d&#039;auteur n\u00e9cessitent le consentement \u00e9crit de notre direction.<\/p>\n\n\n\n<p><strong>protection des donn\u00e9es<\/strong><\/p>\n\n\n\n<p>Lorsque vous visitez notre site Internet, des donn\u00e9es (date, heure, site Internet consult\u00e9) peuvent \u00eatre stock\u00e9es sur le serveur. Toutefois, aucune donn\u00e9e personnelle n\u2019est collect\u00e9e.<br>Nous ne transmettons jamais les donn\u00e9es personnelles (par exemple nom, \u00e2ge, adresse ou adresse e-mail) fournies par l&#039;utilisateur \u00e0 des tiers ou uniquement avec leur consentement expr\u00e8s.<br>Nous d\u00e9clinons toute responsabilit\u00e9 pour les dommages caus\u00e9s par des failles de s\u00e9curit\u00e9.<\/p>\n\n\n\n<p><em>Nous nous r\u00e9servons le droit d&#039;engager des poursuites judiciaires en cas d&#039;envoi d&#039;informations publicitaires non sollicit\u00e9es (telles que des spams).<\/em><\/p>","protected":false},"excerpt":{"rendered":"<p>Informations selon \u00a7 5 TMG : Patricks FahrschuleInh. : Patrick JaniakKaiserstra\u00dfe 65\/176437 Rastatt Contact : T\u00e9l\u00e9phone : 0170 8228780 E-mail : info@patricks-fahrschule.de Num\u00e9ro d&#039;identification TVA selon \u00a727 a de la loi sur la taxe sur les ventes : DE 305620459 R\u00e9solution des litiges La Commission europ\u00e9enne met \u00e0 disposition une plateforme de r\u00e9solution des litiges en ligne (OS) disponible : https:\/\/ec.europa.eu\/consumers\/odrVous pouvez trouver notre adresse e-mail ci-dessus dans les mentions l\u00e9gales. Nous ne sommes ni dispos\u00e9s ni oblig\u00e9s de participer \u00e0 une proc\u00e9dure de r\u00e8glement des litiges devant un conseil d&#039;arbitrage des consommateurs. Coordonn\u00e9es bancaires : Volksbank Karlsruhe Baden-BadenDE23 6619 [\u2026]<\/p>","protected":false},"author":1,"featured_media":0,"parent":0,"menu_order":0,"comment_status":"closed","ping_status":"closed","template":"","meta":{"site-sidebar-layout":"default","site-content-layout":"","ast-site-content-layout":"","site-content-style":"default","site-sidebar-style":"default","ast-global-header-display":"","ast-banner-title-visibility":"","ast-main-header-display":"","ast-hfb-above-header-display":"","ast-hfb-below-header-display":"","ast-hfb-mobile-header-display":"","site-post-title":"","ast-breadcrumbs-content":"","ast-featured-img":"","footer-sml-layout":"","theme-transparent-header-meta":"","adv-header-id-meta":"","stick-header-meta":"","header-above-stick-meta":"","header-main-stick-meta":"","header-below-stick-meta":"","astra-migrate-meta-layouts":"default","ast-page-background-enabled":"default","ast-page-background-meta":{"desktop":{"background-color":"var(--ast-global-color-4)","background-image":"","background-repeat":"repeat","background-position":"center center","background-size":"auto","background-attachment":"scroll","background-type":"","background-media":"","overlay-type":"","overlay-color":"","overlay-opacity":"","overlay-gradient":""},"tablet":{"background-color":"","background-image":"","background-repeat":"repeat","background-position":"center center","background-size":"auto","background-attachment":"scroll","background-type":"","background-media":"","overlay-type":"","overlay-color":"","overlay-opacity":"","overlay-gradient":""},"mobile":{"background-color":"","background-image":"","background-repeat":"repeat","background-position":"center center","background-size":"auto","background-attachment":"scroll","background-type":"","background-media":"","overlay-type":"","overlay-color":"","overlay-opacity":"","overlay-gradient":""}},"ast-content-background-meta":{"desktop":{"background-color":"var(--ast-global-color-5)","background-image":"","background-repeat":"repeat","background-position":"center center","background-size":"auto","background-attachment":"scroll","background-type":"","background-media":"","overlay-type":"","overlay-color":"","overlay-opacity":"","overlay-gradient":""},"tablet":{"background-color":"var(--ast-global-color-5)","background-image":"","background-repeat":"repeat","background-position":"center center","background-size":"auto","background-attachment":"scroll","background-type":"","background-media":"","overlay-type":"","overlay-color":"","overlay-opacity":"","overlay-gradient":""},"mobile":{"background-color":"var(--ast-global-color-5)","background-image":"","background-repeat":"repeat","background-position":"center center","background-size":"auto","background-attachment":"scroll","background-type":"","background-media":"","overlay-type":"","overlay-color":"","overlay-opacity":"","overlay-gradient":""}},"footnotes":""},"class_list":["post-1018","page","type-page","status-publish","hentry"],"_links":{"self":[{"href":"https:\/\/patricks-fahrschule.de\/fr\/wp-json\/wp\/v2\/pages\/1018","targetHints":{"allow":["GET"]}}],"collection":[{"href":"https:\/\/patricks-fahrschule.de\/fr\/wp-json\/wp\/v2\/pages"}],"about":[{"href":"https:\/\/patricks-fahrschule.de\/fr\/wp-json\/wp\/v2\/types\/page"}],"author":[{"embeddable":true,"href":"https:\/\/patricks-fahrschule.de\/fr\/wp-json\/wp\/v2\/users\/1"}],"replies":[{"embeddable":true,"href":"https:\/\/patricks-fahrschule.de\/fr\/wp-json\/wp\/v2\/comments?post=1018"}],"version-history":[{"count":0,"href":"https:\/\/patricks-fahrschule.de\/fr\/wp-json\/wp\/v2\/pages\/1018\/revisions"}],"wp:attachment":[{"href":"https:\/\/patricks-fahrschule.de\/fr\/wp-json\/wp\/v2\/media?parent=1018"}],"curies":[{"name":"wp","href":"https:\/\/api.w.org\/{rel}","templated":true}]}}