{"id":1023,"date":"2023-03-09T13:56:40","date_gmt":"2023-03-09T13:56:40","guid":{"rendered":"https:\/\/patricks-fahrschule.de\/?page_id=1023"},"modified":"2023-03-09T13:56:40","modified_gmt":"2023-03-09T13:56:40","slug":"datenschutzerklaerung","status":"publish","type":"page","link":"https:\/\/patricks-fahrschule.de\/ro\/protejarea-datelor\/","title":{"rendered":"Protejarea datelor"},"content":{"rendered":"<h2 class=\"wp-block-heading\">protejarea datelor<\/h2>\n\n\n\n<p>Operatorii acestor site-uri iau<br>Lu\u0103m foarte \u00een serios protec\u021bia datelor dumneavoastr\u0103 cu caracter personal. Trat\u0103m datele dumneavoastr\u0103 personale<br>confiden\u021bial \u0219i \u00een conformitate cu reglement\u0103rile legale privind protec\u021bia datelor \u0219i aceasta<br>Protejarea datelor.<\/p>\n\n\n\n<p>Utilizarea site-ului nostru este, \u00een general, f\u0103r\u0103 informa\u021bii<br>date personale posibile. \u00cen ceea ce prive\u0219te datele personale de pe paginile noastre<br>(de exemplu, numele, adresa sau adresele de e-mail) sunt colectate, acest lucru se face \u00een m\u0103sura \u00een care<br>posibil, \u00eentotdeauna pe baz\u0103 de voluntariat. Aceste date sunt utilizate f\u0103r\u0103 acordul dumneavoastr\u0103 expres<br>s\u0103 nu fie transmise ter\u021bilor.<\/p>\n\n\n\n<p>Dorim s\u0103 subliniem faptul c\u0103 transmiterea datelor pe Internet<br>(de exemplu, atunci c\u00e2nd comunica\u021bi prin e-mail) poate avea lacune de securitate. Una complet\u0103<br>Protec\u021bia datelor \u00eempotriva accesului de c\u0103tre ter\u021bi nu este posibil\u0103.<\/p>\n\n\n\n<h2 class=\"wp-block-heading\">Cookie-uri<\/h2>\n\n\n\n<p>Unele dintre site-uri web folosesc a\u0219a-numitele cookie-uri. Cookie-urile vizeaz\u0103 dvs<br>Calculatoarele nu provoac\u0103 daune \u0219i nu con\u021bin viru\u0219i. Cookie-urile sunt folosite pentru a \u00eembun\u0103t\u0103\u021bi oferta noastr\u0103<br>mai u\u0219or de utilizat, mai eficient \u0219i mai sigur. Cookie-urile sunt fi\u0219iere text mici stocate pe dvs<br>computer \u0219i pe care browserul dvs. \u00eel salveaz\u0103.<\/p>\n\n\n\n<p>Cele mai multe dintre cele pe care le folosim<br>Cookie-urile sunt a\u0219a-numitele \u201ecookie-uri de sesiune\u201d. Acestea vor fi automat dup\u0103 \u00eencheierea vizitei dvs<br>\u0219ters. Alte cookie-uri r\u0103m\u00e2n stocate pe dispozitivul dvs. p\u00e2n\u0103 c\u00e2nd le \u0219terge\u021bi.<br>Aceste cookie-uri ne permit s\u0103 ne amintim browserul dumneavoastr\u0103 data viitoare c\u00e2nd vizita\u021bi<br>a recunoa\u0219te.<\/p>\n\n\n\n<p>Pute\u021bi seta browserul pentru a v\u0103 permite s\u0103 seta\u021bi<br>fi informat prin cookie-uri \u0219i permite cookie-uri numai \u00een cazuri individuale pentru a accepta cookie-uri<br>exclude anumite cazuri sau \u00een general precum \u0219i \u0219tergerea automat\u0103 a<br>Activa\u021bi cookie-urile la \u00eenchiderea browserului. La dezactivarea cookie-urilor,<br>Func\u021bionalitatea acestui site web poate fi limitat\u0103.<\/p>\n\n\n\n<h2 class=\"wp-block-heading\">jurnalul serverului<br>Fi\u0219iere<\/h2>\n\n\n\n<p>Furnizorul paginilor colecteaz\u0103 \u0219i stocheaz\u0103 automat informa\u021bii \u00een a\u0219a-numitele<br>Fi\u0219ierele jurnal ale serverului pe care browserul dumneavoastr\u0103 ni le transmite automat. Acestea sunt:<\/p>\n\n\n\n<ul class=\"wp-block-list\">\n<li>Tipul browserului \u0219i versiunea browserului<\/li>\n\n\n\n<li>sistemul de operare utilizat<\/li>\n\n\n\n<li>Adresa URL de referin\u021b\u0103<\/li>\n\n\n\n<li>Numele de gazd\u0103 al computerului care acceseaz\u0103<\/li>\n\n\n\n<li>Ora solicit\u0103rii serverului<\/li>\n<\/ul>\n\n\n\n<p>Aceste date<br>nu pot fi atribuite anumitor persoane. O fuziune a acestor date cu altele<br>Sursele de date nu sunt realizate. Ne rezerv\u0103m dreptul de a accesa ulterior aceste date<br>verifica\u021bi dac\u0103 lu\u0103m la cuno\u0219tin\u021b\u0103 indicii concrete de utilizare ilegal\u0103.<\/p>\n\n\n\n<h2 class=\"wp-block-heading\">Formular de contact<\/h2>\n\n\n\n<p>Dac\u0103 ne trimite\u021bi \u00eentreb\u0103ri folosind formularul de contact<br>Detaliile dvs. vor fi preluate din formularul de solicitare, inclusiv cele pe care le-a\u021bi furnizat acolo<br>Date de contact \u00een scopul proces\u0103rii cererii \u0219i \u00een cazul \u00eentreb\u0103rilor ulterioare<br>salvat. Nu vom transmite aceste date f\u0103r\u0103 acordul dumneavoastr\u0103.<\/p>\n\n\n\n<h2 class=\"wp-block-heading\">\u00cenregistrare online<\/h2>\n\n\n\n<p>Dac\u0103 ne trimite\u021bi datele dumneavoastr\u0103 prin \u00eenregistrare online<br>datele dumneavoastr\u0103 cu caracter personal (inclusiv datele pe care le-a\u021bi furnizat acolo) vor fi utilizate<br>Date de contact) \u00een scopul proces\u0103rii cererii\/\u00eenregistr\u0103rii la \u0219coala noastr\u0103 de \u0219oferi \u0219i \u00een cazul \u00eentreb\u0103rilor ulterioare<br>salvat. Nu vom transmite aceste date f\u0103r\u0103 acordul dumneavoastr\u0103.<\/p>\n\n\n\n<h2 class=\"wp-block-heading\">Contact WhatsApp<\/h2>\n\n\n\n<p>Dac\u0103 ne scrie\u021bi prin WhatsApp, datele dumneavoastr\u0103 personale (inclusiv datele pe care le-a\u021bi furnizat acolo<br>Date de contact) \u00een scopul proces\u0103rii cererii\/\u00eenregistr\u0103rii la \u0219coala noastr\u0103 de \u0219oferi \u0219i \u00een cazul \u00eentreb\u0103rilor ulterioare<br>salvat. Nu vom transmite aceste date f\u0103r\u0103 acordul dumneavoastr\u0103.<\/p>\n\n\n\n<h2 class=\"wp-block-heading\">Declara\u021bie de protec\u021bie a datelor pentru utilizarea pluginurilor Facebook (butonul Like)<\/h2>\n\n\n\n<p>Pe<br>Paginile noastre con\u021bin plugin-uri de la re\u021beaua social\u0103 Facebook, furnizorul Facebook Inc., 1 Hacker Way,<br>Menlo Park, California 94025, SUA, integrat. Pute\u021bi recunoa\u0219te pluginurile Facebook de c\u0103tre Facebook<br>logo-ul sau butonul \u201eLike\u201d de pe site-ul nostru. O privire de ansamblu asupra<br>Pluginurile Facebook pot fi g\u0103site aici:<a href=\"http:\/\/developers.facebook.com\/docs\/plugins\/\" target=\"_blank\" rel=\"noreferrer noopener\"><br>http:\/\/developers.facebook.com\/docs\/plugins\/<\/a>.<\/p>\n\n\n\n<p>C\u00e2nd vizita\u021bi paginile noastre,<br>Pluginul creeaz\u0103 o conexiune direct\u0103 \u00eentre browserul dumneavoastr\u0103 \u0219i serverul Facebook<br>fabricat. Facebook prime\u0219te astfel informa\u021biile c\u0103 a\u021bi vizitat site-ul nostru cu adresa dumneavoastr\u0103 IP<br>vizitat. Dac\u0103 face\u021bi clic pe butonul \u201eLike\u201d de pe Facebook \u00een timp ce v\u0103 afla\u021bi pe Facebook<br>Dac\u0103 sunte\u021bi autentificat la contul dvs., pute\u021bi conecta con\u021binutul paginilor noastre de pe profilul dvs. de Facebook.<br>Acest lucru permite Facebook s\u0103 atribuie vizita dvs. pe paginile noastre contului dvs. de utilizator. Subliniem acest lucru<br>subliniem c\u0103 noi, \u00een calitate de furnizori ai paginilor, nu avem cuno\u0219tin\u021be despre con\u021binutul datelor transmise sau despre acestea<br>Utilizare primit\u0103 prin Facebook. Mai multe informa\u021bii pot fi g\u0103site \u00een<br>Politica de confiden\u021bialitate a Facebook la&nbsp;<a href=\"http:\/\/de-de.facebook.com\/policy.php\" target=\"_blank\" rel=\"noreferrer noopener\">http:\/\/dede.<br>facebook.com\/policy.php<\/a>.<\/p>\n\n\n\n<p>Dac\u0103 nu vrei s\u0103 viziteze Facebook<br>Pentru a atribui paginile noastre contului dvs. de utilizator Facebook, v\u0103 rug\u0103m s\u0103 v\u0103 conecta\u021bi din contul dvs. Facebook.<br>contul utilizatorului.<\/p>\n\n\n\n<h2 class=\"wp-block-heading\">Declara\u021bie de protec\u021bie a datelor pentru utilizarea<br>Instagram<\/h2>\n\n\n\n<p>Func\u021biile serviciului Instagram sunt integrate \u00een paginile noastre. Acest<br>Func\u021biile sunt oferite de Instagram Inc., 1601 Willow Road, Menlo Park, CA, 94025, SUA<br>integrat. Dac\u0103 sunte\u021bi conectat la contul dvs. de Instagram, pute\u021bi da clic pe butonul<br>Butoanele Instagram leag\u0103 con\u021binutul paginilor noastre la profilul t\u0103u Instagram. Asta permite<br>Instagram atribuie vizita dvs. la paginile noastre contului dvs. de utilizator. Am dori s\u0103 subliniem c\u0103 noi ca<br>Furnizorii paginilor nu au cuno\u0219tin\u021be despre con\u021binutul datelor transmise sau despre modul \u00een care acestea sunt utilizate<br>Ob\u021bine\u021bi Instagram.<\/p>\n\n\n\n<p>Mai multe informa\u021bii g\u0103si\u021bi \u00een declara\u021bia de protec\u021bie a datelor<br>de pe Instagram:<a href=\"http:\/\/instagram.com\/about\/legal\/privacy\/\" target=\"_blank\" rel=\"noreferrer noopener\"><br>http:\/\/instagram.com\/about\/legal\/privacy\/<\/a><\/p>\n\n\n\n<h2 class=\"wp-block-heading\">Criptare SSL<\/h2>\n\n\n\n<p>Acest site este folosit din motive de securitate \u0219i pentru a proteja transmisia<br>con\u021binut confiden\u021bial, cum ar fi \u00eentreb\u0103rile pe care ni le trimite\u021bi \u00een calitate de operator al site-ului, o criptare SSL<br>solu\u0163ie. Pute\u021bi recunoa\u0219te o conexiune criptat\u0103 dup\u0103 linia de adres\u0103<br>browserul se schimb\u0103 din \u201ehttp:\/\/\u201d \u00een \u201ehttps:\/\/\u201d \u0219i simbolul de blocare \u00een<br>linia dvs. de browser.<\/p>\n\n\n\n<p>Dac\u0103 criptarea SSL este activat\u0103, datele<br>Ni-l transmite\u021bi \u0219i nu poate fi citit de ter\u021bi.<\/p>\n\n\n\n<h2 class=\"wp-block-heading\">Informa\u021bie,<br>\u0218tergere, blocare<\/h2>\n\n\n\n<p>Ave\u021bi dreptul la informa\u021bii gratuite \u00een orice moment<br>Datele dvs. personale stocate, originea \u0219i destinatarii acestora \u0219i scopul<br>Prelucrarea datelor \u0219i dreptul de a corecta, bloca sau \u0219terge aceste date. Pentru aceasta<br>Dac\u0103 ave\u021bi \u00eentreb\u0103ri suplimentare cu privire la subiectul datelor cu caracter personal, ne pute\u021bi contacta \u00een orice moment<br>Contacta\u021bi-ne la adresa men\u021bionat\u0103 \u00een avizul legal.<\/p>\n\n\n\n<p>Surs\u0103:&nbsp;<a href=\"https:\/\/www.e-recht24.de\/\" target=\"_blank\" rel=\"noreferrer noopener\">e-recht24.de<\/a><\/p>","protected":false},"excerpt":{"rendered":"<p>Protec\u021bia datelor Operatorii acestor pagini iau foarte \u00een serios protec\u021bia datelor dumneavoastr\u0103 cu caracter personal. Trat\u0103m datele dumneavoastr\u0103 cu caracter personal \u00een mod confiden\u021bial \u0219i \u00een conformitate cu reglement\u0103rile legale privind protec\u021bia datelor \u0219i aceast\u0103 declara\u021bie de protec\u021bie a datelor. \u00cen general, este posibil s\u0103 folosi\u021bi site-ul nostru web f\u0103r\u0103 a furniza date personale. \u00cen m\u0103sura \u00een care datele personale (de exemplu, numele, adresa sau adresele de e-mail) sunt colectate pe paginile noastre, acest lucru se face \u00eentotdeauna pe baz\u0103 voluntar\u0103, pe c\u00e2t posibil. [\u2026]<\/p>","protected":false},"author":1,"featured_media":0,"parent":0,"menu_order":0,"comment_status":"closed","ping_status":"closed","template":"","meta":{"site-sidebar-layout":"default","site-content-layout":"","ast-site-content-layout":"","site-content-style":"default","site-sidebar-style":"default","ast-global-header-display":"","ast-banner-title-visibility":"","ast-main-header-display":"","ast-hfb-above-header-display":"","ast-hfb-below-header-display":"","ast-hfb-mobile-header-display":"","site-post-title":"","ast-breadcrumbs-content":"","ast-featured-img":"","footer-sml-layout":"","theme-transparent-header-meta":"","adv-header-id-meta":"","stick-header-meta":"","header-above-stick-meta":"","header-main-stick-meta":"","header-below-stick-meta":"","astra-migrate-meta-layouts":"default","ast-page-background-enabled":"default","ast-page-background-meta":{"desktop":{"background-color":"var(--ast-global-color-4)","background-image":"","background-repeat":"repeat","background-position":"center center","background-size":"auto","background-attachment":"scroll","background-type":"","background-media":"","overlay-type":"","overlay-color":"","overlay-opacity":"","overlay-gradient":""},"tablet":{"background-color":"","background-image":"","background-repeat":"repeat","background-position":"center center","background-size":"auto","background-attachment":"scroll","background-type":"","background-media":"","overlay-type":"","overlay-color":"","overlay-opacity":"","overlay-gradient":""},"mobile":{"background-color":"","background-image":"","background-repeat":"repeat","background-position":"center center","background-size":"auto","background-attachment":"scroll","background-type":"","background-media":"","overlay-type":"","overlay-color":"","overlay-opacity":"","overlay-gradient":""}},"ast-content-background-meta":{"desktop":{"background-color":"var(--ast-global-color-5)","background-image":"","background-repeat":"repeat","background-position":"center center","background-size":"auto","background-attachment":"scroll","background-type":"","background-media":"","overlay-type":"","overlay-color":"","overlay-opacity":"","overlay-gradient":""},"tablet":{"background-color":"var(--ast-global-color-5)","background-image":"","background-repeat":"repeat","background-position":"center center","background-size":"auto","background-attachment":"scroll","background-type":"","background-media":"","overlay-type":"","overlay-color":"","overlay-opacity":"","overlay-gradient":""},"mobile":{"background-color":"var(--ast-global-color-5)","background-image":"","background-repeat":"repeat","background-position":"center center","background-size":"auto","background-attachment":"scroll","background-type":"","background-media":"","overlay-type":"","overlay-color":"","overlay-opacity":"","overlay-gradient":""}},"footnotes":""},"class_list":["post-1023","page","type-page","status-publish","hentry"],"_links":{"self":[{"href":"https:\/\/patricks-fahrschule.de\/ro\/wp-json\/wp\/v2\/pages\/1023","targetHints":{"allow":["GET"]}}],"collection":[{"href":"https:\/\/patricks-fahrschule.de\/ro\/wp-json\/wp\/v2\/pages"}],"about":[{"href":"https:\/\/patricks-fahrschule.de\/ro\/wp-json\/wp\/v2\/types\/page"}],"author":[{"embeddable":true,"href":"https:\/\/patricks-fahrschule.de\/ro\/wp-json\/wp\/v2\/users\/1"}],"replies":[{"embeddable":true,"href":"https:\/\/patricks-fahrschule.de\/ro\/wp-json\/wp\/v2\/comments?post=1023"}],"version-history":[{"count":0,"href":"https:\/\/patricks-fahrschule.de\/ro\/wp-json\/wp\/v2\/pages\/1023\/revisions"}],"wp:attachment":[{"href":"https:\/\/patricks-fahrschule.de\/ro\/wp-json\/wp\/v2\/media?parent=1023"}],"curies":[{"name":"wp","href":"https:\/\/api.w.org\/{rel}","templated":true}]}}